{"id":3369,"date":"2022-04-05T10:03:14","date_gmt":"2022-04-05T10:03:14","guid":{"rendered":"https:\/\/www.camping-amelia.fr\/las-mobil-homes\/"},"modified":"2026-01-08T13:46:54","modified_gmt":"2026-01-08T13:46:54","slug":"las-mobil-homes","status":"publish","type":"page","link":"https:\/\/www.camping-amelia.fr\/es\/las-mobil-homes\/","title":{"rendered":"Mobil-homes"},"content":{"rendered":"<div class=\"wpb-content-wrapper\"><p>[vc_row full_width=&#8221;stretch_row_content_no_spaces&#8221;][vc_column][layerslider_vc id=&#8221;62&#8243;][\/vc_column][\/vc_row][vc_row full_width=&#8221;stretch_row_content_no_spaces&#8221; css=&#8221;.vc_custom_1680620938772{margin-top: -110px !important;padding-right: 20px !important;padding-left: 20px !important;background-color: #223572 !important;}&#8221; el_class=&#8221;barre&#8221;][vc_column width=&#8221;1\/2&#8243;][vc_column_text css=&#8221;.vc_custom_1680620949491{padding-top: 60px !important;padding-left: 20px !important;}&#8221;]<span style=\"color: #ffffff;\">Camping Am\u00e9lia **<\/span>[\/vc_column_text][\/vc_column][vc_column width=&#8221;1\/2&#8243;][vc_column_text css=&#8221;.vc_custom_1680620957844{padding-top: 60px !important;padding-right: 20px !important;}&#8221;]<\/p>\n<p style=\"text-align: right;\"><span style=\"color: #ffffff;\">Reserva :<\/span> <span style=\"color: #00ccff;\"><a style=\"color: #00ccff;\" href=\"tel:+33468390049\" target=\"_blank\" rel=\"noopener\">+33 468 390 049<\/a><\/span><\/p>\n<p>[\/vc_column_text][\/vc_column][\/vc_row][vc_row el_class=&#8221;ombre&#8221; css=&#8221;.vc_custom_1643125397034{padding-top: 10px !important;padding-right: 10px !important;padding-bottom: 10px !important;padding-left: 10px !important;}&#8221;][vc_column][vc_column_text]<\/p>\n<h1 style=\"text-align: center;\">Nuestros alquileres de mobil-homes en Am\u00e9lie-les-Bains<\/h1>\n<p>[\/vc_column_text][vc_column_text]<\/p>\n<p style=\"text-align: center;\">A s\u00f3lo <strong>1,5 km del centro termal de Am\u00e9lie-les-Bains<\/strong>,<br \/>\nnuestro camping le ofrece diferentes gamas de <strong>confort<\/strong>\u00a0 mobil-home de <strong>alta calidad<\/strong>.<br \/>\nMobil-home de <strong>1 y 2 habitaciones<\/strong>, todos nuestros alquileres est\u00e1n equipados con<strong> aire acondicionado<\/strong> reversible y una<strong> terraza de madera<\/strong>.<\/p>\n<p style=\"text-align: center;\"><strong>Encuentre la casa de campo que le convenga:<\/strong><\/p>\n<p>[\/vc_column_text][vc_raw_js]JTNDc2NyaXB0JTNFJTBBJTIwJTIwJTIwJTIwJTI4ZnVuY3Rpb24lMjh0JTJDaCUyQ2UlMkNsJTJDaSUyQ3MlMkNSJTJDRSUyQ1MlMkNBJTI5JTdCJTBBJTIwJTIwJTIwJTIwJTIwJTIwJTIwJTIwdCU1QmklNUQlM0QlN0IlN0QlMkN0JTVCaSU1RCU1QnMlNUQlM0R0JTVCaSU1RCU1QnMlNUQlN0MlN0NmdW5jdGlvbiUyOCUyOSU3QiUwQSUyMCUyMCUyMCUyMCUyMCUyMCUyMCUyMCUyMCUyMCUyMCUyMGlmJTI4MSUzRCUzRCUzRGFyZ3VtZW50cy5sZW5ndGglMjklN0JyZXR1cm4lMjB0JTVCaSU1RC5hJTVCYXJndW1lbnRzJTVCMCU1RCU1RCU3QyU3Q251bGwlN0QlMEElMjAlMjAlMjAlMjAlMjAlMjAlMjAlMjAlMjAlMjAlMjAlMjBlbHNlJTdCdCU1QmklNUQuYSUzRHQlNUJpJTVELmElN0MlN0MlNUIlNUQlM0IlMjB0JTVCaSU1RC5hJTVCYXJndW1lbnRzJTVCMCU1RCU1RCUyMCUzRCUyMGFyZ3VtZW50cyU1QjElNUQlM0IlN0QlMEElMjAlMjAlMjAlMjAlMjAlMjAlMjAlMjAlN0QlMkMlMEElMjAlMjAlMjAlMjAlMjAlMjAlMjAlMjAlMjAlMjAlMjAlMjBSJTNEaC5jcmVhdGVFbGVtZW50JTI4ZSUyOSUyQ0UlM0RoLmdldEVsZW1lbnRzQnlUYWdOYW1lJTI4ZSUyOSU1QjAlNUQlM0IlMEElMjAlMjAlMjAlMjAlMjAlMjAlMjAlMjBSLmFzeW5jJTNEMSUzQlIuc3JjJTNEbCUzQkUucGFyZW50Tm9kZS5pbnNlcnRCZWZvcmUlMjhSJTJDRSUyOSUwQSUyMCUyMCUyMCUyMCU3RCUyOSUyOHdpbmRvdyUyQ2RvY3VtZW50JTJDJTIyc2NyaXB0JTIyJTJDJTIyaHR0cHMlM0ElMkYlMkZ0aGVsaXNyZXNhLndlYmNhbXAuZnIlMkZpbGliJTJGdjQlMkYlM0ZjYXRlZ29yaWVzJTI2ZmF2b3JpdGVzJTI2b25lbmlnaHQlMjZzZWFyY2hlbmdpbmUlMjZzaW1wbGVibG9jayUyMiUyQyUyMnRoZWxpc3Jlc2ElMjIlMkMlMjJpbGliJTIyJTI5JTNCJTBBJTIwJTIwJTIwJTIwdGhlbGlzcmVzYS5pbGliJTI4JTI3Y2FtcGluZyUyNyUyQyUyMCUyN2FtZWxpYSUyNyUyOSUzQiUwQSUyMCUyMCUyMCUyMHRoZWxpc3Jlc2EuaWxpYiUyOCUyN2xhbmd1YWdlJTI3JTJDJTIwJTI3ZXMlMjclMjklM0IlMEElM0MlMkZzY3JpcHQlM0U=[\/vc_raw_js][vc_raw_html]JTNDdGhyLWNhdGVnb3JpZXMlMjB0eXBlJTNEJTIybG9jYXRpb24lMjIlM0UlM0MlMkZ0aHItY2F0ZWdvcmllcyUzRQ==[\/vc_raw_html][vc_column_text css=&#8221;&#8221;]<\/p>\n<p style=\"text-align: center;\">Todas nuestras mobil-homes en Am\u00e9lie-les-Bains se alquilan con edredones y almohadas.<br \/>\nAlquilamos s\u00e1banas (9\u20ac\/cama) en la recepci\u00f3n del camping.<\/p>\n<p style=\"text-align: center;\">Tasa de reserva: 8\u20ac\u00a0 &#8211;\u00a0 Tasa tur\u00edstica: 0,29 \u20ac por noche y persona mayor de 18 a\u00f1os.<br \/>\n<strong>Descripciones de los mobil-homes [FR] : <a href=\"https:\/\/www.camping-amelia.fr\/wp-content\/uploads\/2025\/02\/Descriptif-Saphir.jpg\">SAPHIR\u00a0<\/a>&#8211; <a href=\"https:\/\/www.camping-amelia.fr\/wp-content\/uploads\/2025\/02\/Descriptif-Jade.jpg\">JADE <\/a>&#8211; <a href=\"https:\/\/www.camping-amelia.fr\/wp-content\/uploads\/2025\/02\/Descriptif-Opale.jpg\">OPALE <\/a>&#8211; <a href=\"https:\/\/www.camping-amelia.fr\/wp-content\/uploads\/2025\/02\/Descriptif-Emeraude.jpg\">\u00c9MERAUDE<\/a><\/strong><\/p>\n<p>[\/vc_column_text][vc_btn title=&#8221;Folleto Camping 2026 `{`FR`}`&#8221; style=&#8221;flat&#8221; color=&#8221;peacoc&#8221; align=&#8221;center&#8221; i_icon_fontawesome=&#8221;&#8221; css=&#8221;&#8221; add_icon=&#8221;true&#8221; link=&#8221;url:https%3A%2F%2Fwww.calameo.com%2Fread%2F008128289cf42f4cbf417%3Fpage%3D1|target:_blank&#8221;][\/vc_column][\/vc_row][vc_row el_class=&#8221;ombre&#8221; css=&#8221;.vc_custom_1489675369142{padding-top: 10px !important;padding-right: 10px !important;padding-bottom: 10px !important;padding-left: 10px !important;}&#8221;][vc_column][vc_row_inner css=&#8221;.vc_custom_1489675524434{margin-top: 20px !important;}&#8221;][vc_column_inner el_class=&#8221;textwhite&#8221; css=&#8221;.vc_custom_1580397772535{padding-top: 10px !important;padding-right: 10px !important;padding-bottom: 10px !important;padding-left: 10px !important;background-color: #fdad17 !important;}&#8221;][vc_column_text]<\/p>\n<h4><span style=\"color: #ffffff;\">Ventajas de una estancia en el Camping Am\u00e9lia:<\/span><\/h4>\n<p>Se encuentra a proximidad del centro urbano de Am\u00e9lie-les-Bains, hay un supermercado con todo tipo de alimentos a 5 minutos y una zona comercial.<br \/>\nSe trata del camping m\u00e1s cercano a las termas.<br \/>\nLa tranquilidad de este peque\u00f1o camping familiar.[\/vc_column_text][\/vc_column_inner][\/vc_row_inner][\/vc_column][\/vc_row][vc_row][vc_column][vc_empty_space][vc_column_text]<\/p>\n<p style=\"text-align: center;\"><strong>Descubra tambi\u00e9n nuestras <a href=\"https:\/\/www.camping-amelia.fr\/es\/parcelas\/\" target=\"_blank\" rel=\"noopener\">parcelas<\/a> con o sin electricidad.<\/strong><\/p>\n<p style=\"text-align: center;\">Reserva en el <strong>04 68 39 00 49<\/strong> o por correo electr\u00f3nico <strong>info@camping-amelia.fr<\/strong><br \/>\n<strong>Siga nuestras noticias en<\/strong> <strong><a href=\"https:\/\/www.facebook.com\/campingamelia\/\" target=\"_blank\" rel=\"noopener\">Facebook<\/a><\/strong><\/p>\n<p>[\/vc_column_text][\/vc_column][\/vc_row]<\/p>\n<\/div>","protected":false},"excerpt":{"rendered":"<p>[vc_row full_width=&#8221;stretch_row_content_no_spaces&#8221;][vc_column][layerslider_vc id=&#8221;62&#8243;][\/vc_column][\/vc_row][vc_row full_width=&#8221;stretch_row_content_no_spaces&#8221; css=&#8221;.vc_custom_1680620938772{margin-top: -110px !important;padding-right: 20px !important;padding-left: 20px !important;background-color: #223572 !important;}&#8221; el_class=&#8221;barre&#8221;][vc_column width=&#8221;1\/2&#8243;][vc_column_text css=&#8221;.vc_custom_1680620949491{padding-top: 60px !important;padding-left: 20px !important;}&#8221;]Camping Am\u00e9lia **[\/vc_column_text][\/vc_column][vc_column width=&#8221;1\/2&#8243;][vc_column_text css=&#8221;.vc_custom_1680620957844{padding-top: 60px !important;padding-right: 20px !important;}&#8221;] Reserva : +33 468 390 049 [\/vc_column_text][\/vc_column][\/vc_row][vc_row el_class=&#8221;ombre&#8221; css=&#8221;.vc_custom_1643125397034{padding-top: 10px !important;padding-right: 10px !important;padding-bottom: 10px !important;padding-left: 10px !important;}&#8221;][vc_column][vc_column_text] Nuestros alquileres de mobil-homes en Am\u00e9lie-les-Bains [\/vc_column_text][vc_column_text] A s\u00f3lo 1,5 [&hellip;]<\/p>\n","protected":false},"author":1,"featured_media":0,"parent":0,"menu_order":0,"comment_status":"closed","ping_status":"closed","template":"","meta":{"site-sidebar-layout":"no-sidebar","site-content-layout":"plain-container","ast-site-content-layout":"normal-width-container","site-content-style":"unboxed","site-sidebar-style":"unboxed","ast-global-header-display":"","ast-banner-title-visibility":"","ast-main-header-display":"","ast-hfb-above-header-display":"","ast-hfb-below-header-display":"","ast-hfb-mobile-header-display":"","site-post-title":"disabled","ast-breadcrumbs-content":"","ast-featured-img":"disabled","footer-sml-layout":"","theme-transparent-header-meta":"default","adv-header-id-meta":"","stick-header-meta":"default","header-above-stick-meta":"","header-main-stick-meta":"","header-below-stick-meta":"","astra-migrate-meta-layouts":"set","ast-page-background-enabled":"default","ast-page-background-meta":{"desktop":{"background-color":"var(--ast-global-color-4)","background-image":"","background-repeat":"repeat","background-position":"center center","background-size":"auto","background-attachment":"scroll","background-type":"","background-media":"","overlay-type":"","overlay-color":"","overlay-opacity":"","overlay-gradient":""},"tablet":{"background-color":"","background-image":"","background-repeat":"repeat","background-position":"center center","background-size":"auto","background-attachment":"scroll","background-type":"","background-media":"","overlay-type":"","overlay-color":"","overlay-opacity":"","overlay-gradient":""},"mobile":{"background-color":"","background-image":"","background-repeat":"repeat","background-position":"center center","background-size":"auto","background-attachment":"scroll","background-type":"","background-media":"","overlay-type":"","overlay-color":"","overlay-opacity":"","overlay-gradient":""}},"ast-content-background-meta":{"desktop":{"background-color":"var(--ast-global-color-5)","background-image":"","background-repeat":"repeat","background-position":"center center","background-size":"auto","background-attachment":"scroll","background-type":"","background-media":"","overlay-type":"","overlay-color":"","overlay-opacity":"","overlay-gradient":""},"tablet":{"background-color":"var(--ast-global-color-5)","background-image":"","background-repeat":"repeat","background-position":"center center","background-size":"auto","background-attachment":"scroll","background-type":"","background-media":"","overlay-type":"","overlay-color":"","overlay-opacity":"","overlay-gradient":""},"mobile":{"background-color":"var(--ast-global-color-5)","background-image":"","background-repeat":"repeat","background-position":"center center","background-size":"auto","background-attachment":"scroll","background-type":"","background-media":"","overlay-type":"","overlay-color":"","overlay-opacity":"","overlay-gradient":""}},"footnotes":""},"class_list":["post-3369","page","type-page","status-publish","hentry"],"yoast_head":"<!-- This site is optimized with the Yoast SEO plugin v27.5 - https:\/\/yoast.com\/product\/yoast-seo-wordpress\/ -->\n<title>Mobil-homes Am\u00e9lie-les-Bains - Camping Am\u00e9lia**<\/title>\n<meta name=\"description\" content=\"Camping Am\u00e9lie-les-Bains - Mobil-homes climatizadas de 1 o 2 dormitorios, 1,5 km del centro - lanzadera comunitaria a la entrada del camping.\" \/>\n<meta name=\"robots\" content=\"index, follow, max-snippet:-1, max-image-preview:large, max-video-preview:-1\" \/>\n<link rel=\"canonical\" href=\"https:\/\/www.camping-amelia.fr\/es\/las-mobil-homes\/\" \/>\n<meta property=\"og:locale\" content=\"es_ES\" \/>\n<meta property=\"og:type\" content=\"article\" \/>\n<meta property=\"og:title\" content=\"Mobil-homes Am\u00e9lie-les-Bains - Camping Am\u00e9lia**\" \/>\n<meta property=\"og:description\" content=\"Camping Am\u00e9lie-les-Bains - Mobil-homes climatizadas de 1 o 2 dormitorios, 1,5 km del centro - lanzadera comunitaria a la entrada del camping.\" \/>\n<meta property=\"og:url\" content=\"https:\/\/www.camping-amelia.fr\/es\/las-mobil-homes\/\" \/>\n<meta property=\"og:site_name\" content=\"Camping Am\u00e9lia **\" \/>\n<meta property=\"article:modified_time\" content=\"2026-01-08T13:46:54+00:00\" \/>\n<meta name=\"twitter:card\" content=\"summary_large_image\" \/>\n<meta name=\"twitter:label1\" content=\"Est. reading time\" \/>\n\t<meta name=\"twitter:data1\" content=\"2 minutes\" \/>\n<script type=\"application\/ld+json\" class=\"yoast-schema-graph\">{\"@context\":\"https:\\\/\\\/schema.org\",\"@graph\":[{\"@type\":\"WebPage\",\"@id\":\"https:\\\/\\\/www.camping-amelia.fr\\\/es\\\/las-mobil-homes\\\/\",\"url\":\"https:\\\/\\\/www.camping-amelia.fr\\\/es\\\/las-mobil-homes\\\/\",\"name\":\"Mobil-homes Am\u00e9lie-les-Bains - Camping Am\u00e9lia**\",\"isPartOf\":{\"@id\":\"https:\\\/\\\/www.camping-amelia.fr\\\/#website\"},\"datePublished\":\"2022-04-05T10:03:14+00:00\",\"dateModified\":\"2026-01-08T13:46:54+00:00\",\"description\":\"Camping Am\u00e9lie-les-Bains - Mobil-homes climatizadas de 1 o 2 dormitorios, 1,5 km del centro - lanzadera comunitaria a la entrada del camping.\",\"breadcrumb\":{\"@id\":\"https:\\\/\\\/www.camping-amelia.fr\\\/es\\\/las-mobil-homes\\\/#breadcrumb\"},\"inLanguage\":\"es-ES\",\"potentialAction\":[{\"@type\":\"ReadAction\",\"target\":[\"https:\\\/\\\/www.camping-amelia.fr\\\/es\\\/las-mobil-homes\\\/\"]}]},{\"@type\":\"BreadcrumbList\",\"@id\":\"https:\\\/\\\/www.camping-amelia.fr\\\/es\\\/las-mobil-homes\\\/#breadcrumb\",\"itemListElement\":[{\"@type\":\"ListItem\",\"position\":1,\"name\":\"Accueil\",\"item\":\"https:\\\/\\\/www.camping-amelia.fr\\\/es\\\/\"},{\"@type\":\"ListItem\",\"position\":2,\"name\":\"Mobil-homes\"}]},{\"@type\":\"WebSite\",\"@id\":\"https:\\\/\\\/www.camping-amelia.fr\\\/#website\",\"url\":\"https:\\\/\\\/www.camping-amelia.fr\\\/\",\"name\":\"Camping Am\u00e9lia **\",\"description\":\"Am\u00e9lie-les-Bains\",\"potentialAction\":[{\"@type\":\"SearchAction\",\"target\":{\"@type\":\"EntryPoint\",\"urlTemplate\":\"https:\\\/\\\/www.camping-amelia.fr\\\/?s={search_term_string}\"},\"query-input\":{\"@type\":\"PropertyValueSpecification\",\"valueRequired\":true,\"valueName\":\"search_term_string\"}}],\"inLanguage\":\"es-ES\"}]}<\/script>\n<!-- \/ Yoast SEO plugin. -->","yoast_head_json":{"title":"Mobil-homes Am\u00e9lie-les-Bains - Camping Am\u00e9lia**","description":"Camping Am\u00e9lie-les-Bains - Mobil-homes climatizadas de 1 o 2 dormitorios, 1,5 km del centro - lanzadera comunitaria a la entrada del camping.","robots":{"index":"index","follow":"follow","max-snippet":"max-snippet:-1","max-image-preview":"max-image-preview:large","max-video-preview":"max-video-preview:-1"},"canonical":"https:\/\/www.camping-amelia.fr\/es\/las-mobil-homes\/","og_locale":"es_ES","og_type":"article","og_title":"Mobil-homes Am\u00e9lie-les-Bains - Camping Am\u00e9lia**","og_description":"Camping Am\u00e9lie-les-Bains - Mobil-homes climatizadas de 1 o 2 dormitorios, 1,5 km del centro - lanzadera comunitaria a la entrada del camping.","og_url":"https:\/\/www.camping-amelia.fr\/es\/las-mobil-homes\/","og_site_name":"Camping Am\u00e9lia **","article_modified_time":"2026-01-08T13:46:54+00:00","twitter_card":"summary_large_image","twitter_misc":{"Est. reading time":"2 minutes"},"schema":{"@context":"https:\/\/schema.org","@graph":[{"@type":"WebPage","@id":"https:\/\/www.camping-amelia.fr\/es\/las-mobil-homes\/","url":"https:\/\/www.camping-amelia.fr\/es\/las-mobil-homes\/","name":"Mobil-homes Am\u00e9lie-les-Bains - Camping Am\u00e9lia**","isPartOf":{"@id":"https:\/\/www.camping-amelia.fr\/#website"},"datePublished":"2022-04-05T10:03:14+00:00","dateModified":"2026-01-08T13:46:54+00:00","description":"Camping Am\u00e9lie-les-Bains - Mobil-homes climatizadas de 1 o 2 dormitorios, 1,5 km del centro - lanzadera comunitaria a la entrada del camping.","breadcrumb":{"@id":"https:\/\/www.camping-amelia.fr\/es\/las-mobil-homes\/#breadcrumb"},"inLanguage":"es-ES","potentialAction":[{"@type":"ReadAction","target":["https:\/\/www.camping-amelia.fr\/es\/las-mobil-homes\/"]}]},{"@type":"BreadcrumbList","@id":"https:\/\/www.camping-amelia.fr\/es\/las-mobil-homes\/#breadcrumb","itemListElement":[{"@type":"ListItem","position":1,"name":"Accueil","item":"https:\/\/www.camping-amelia.fr\/es\/"},{"@type":"ListItem","position":2,"name":"Mobil-homes"}]},{"@type":"WebSite","@id":"https:\/\/www.camping-amelia.fr\/#website","url":"https:\/\/www.camping-amelia.fr\/","name":"Camping Am\u00e9lia **","description":"Am\u00e9lie-les-Bains","potentialAction":[{"@type":"SearchAction","target":{"@type":"EntryPoint","urlTemplate":"https:\/\/www.camping-amelia.fr\/?s={search_term_string}"},"query-input":{"@type":"PropertyValueSpecification","valueRequired":true,"valueName":"search_term_string"}}],"inLanguage":"es-ES"}]}},"_links":{"self":[{"href":"https:\/\/www.camping-amelia.fr\/es\/wp-json\/wp\/v2\/pages\/3369","targetHints":{"allow":["GET"]}}],"collection":[{"href":"https:\/\/www.camping-amelia.fr\/es\/wp-json\/wp\/v2\/pages"}],"about":[{"href":"https:\/\/www.camping-amelia.fr\/es\/wp-json\/wp\/v2\/types\/page"}],"author":[{"embeddable":true,"href":"https:\/\/www.camping-amelia.fr\/es\/wp-json\/wp\/v2\/users\/1"}],"replies":[{"embeddable":true,"href":"https:\/\/www.camping-amelia.fr\/es\/wp-json\/wp\/v2\/comments?post=3369"}],"version-history":[{"count":7,"href":"https:\/\/www.camping-amelia.fr\/es\/wp-json\/wp\/v2\/pages\/3369\/revisions"}],"predecessor-version":[{"id":6394,"href":"https:\/\/www.camping-amelia.fr\/es\/wp-json\/wp\/v2\/pages\/3369\/revisions\/6394"}],"wp:attachment":[{"href":"https:\/\/www.camping-amelia.fr\/es\/wp-json\/wp\/v2\/media?parent=3369"}],"curies":[{"name":"wp","href":"https:\/\/api.w.org\/{rel}","templated":true}]}}